{"id":42,"date":"2015-03-06T19:14:29","date_gmt":"2015-03-06T17:14:29","guid":{"rendered":"http:\/\/gunnesfelag.nu\/index_temp.php\/?page_id=42"},"modified":"2026-04-01T19:08:26","modified_gmt":"2026-04-01T17:08:26","slug":"kalendarium","status":"publish","type":"page","link":"http:\/\/gunnesfelag.nu\/?page_id=42","title":{"rendered":"Kalendarium"},"content":{"rendered":"\n<p><\/p>\n\n\n\n<p>Det \u00e4r alltid fritt att h\u00e5lla p\u00e5 med eget hantverk samtliga tr\u00e4ffar, \u00e4ven om vi har ett tema. <\/p>\n\n\n\n<p>Har du fr\u00e5gor om ditt hantverk eller n\u00e5got annat s\u00e5 passa p\u00e5 att st\u00e4lla dem n\u00e4r vi tr\u00e4ffas! Tillsammans har vi mycket kunskap och alla \u00e4r glada att f\u00e5 dela med sig av den. Dina fr\u00e5gor och funderingar beh\u00f6ver inte r\u00f6ra temat f\u00f6r dagen. <\/p>\n\n\n\n<p>Ta g\u00e4rna med n\u00e5got att \u00e4ta till lunch eller fika. Kaffe och te finns, och i ABF-lokalen finns ett enkelt pentry med spis och mikro som vi kan anv\u00e4nda. Dessutom finns flera trevliga restauranger p\u00e5 n\u00e5gra minuters g\u00e5ngavst\u00e5nd fr\u00e5n lokalen.<\/p>\n\n\n\n<p>F\u00f6r tr\u00e4ffar p\u00e5 g\u00e5rden tar du med dig egen mat och d\u00e5 brukar vi t\u00e4nda en eld f\u00f6r den som vill tillaga maten p\u00e5 plats eller koka en kopp kaffe.<\/p>\n\n\n\n<p>Det uppskattas av bes\u00f6kare om vi kl\u00e4r oss i tidsenliga kl\u00e4der och anv\u00e4nder tidsenliga redskap, grytor och sk\u00e5lar n\u00e4r vi \u00e4ter. Undvik moderna material eller d\u00f6lj dem i linnetyg, i en korg eller stoppa helt enkelt undan det i Grophuset. <\/p>\n\n\n\n<p>Var beredd p\u00e5 nyfikna bes\u00f6kare som st\u00e4ller fr\u00e5gor! Men k\u00e4nner du dig os\u00e4ker att svara s\u00e5 hj\u00e4lps vi \u00e5t att svara eller h\u00e4nvisar till g\u00e5rdens personal som alltid finns p\u00e5 plats. M\u00e5nga bes\u00f6kare vill ocks\u00e5 veta mer om ditt hantverk och dina kl\u00e4der, och kanske v\u00e5r mat, om den \u00e4r tidsenlig.<\/p>\n\n\n\n<p>V\u00e4lkommen!<\/p>\n\n\n\n<p><\/p>\n\n\n<div>\n<h3>Juni 2026<\/h3>\n<p><strong>22- 28 juni\u00a0<br \/>Hantverksvecka p\u00e5 Gunnes g\u00e5rd\u00a0<\/strong><\/p>\n<div>M\u00e5ndag 22 juni flyttar vi in p\u00e5 g\u00e5rden. Vill du komma under veckan eller bara \u00f6ver dagen s\u00e5 g\u00e5r det bra. Planerat \u00e4r att h\u00e5lla smedjan ig\u00e5ng, l\u00e4ra oss arbeta med yxa, kolrosing, yllebroderi och br\u00e4nna lera.<\/div>\n<div>\u00a0<\/div>\n<div>L\u00f6rdag 27 juni har vi gille d\u00e4r alla \u00e4r v\u00e4lkomna, men f\u00f6r att vi ska kunna planera maten m\u00e5ste man f\u00f6ranm\u00e4la sig.\u00a0<\/div>\n<div>\u00a0<\/div>\n<div>F\u00f6r mer information ang anm\u00e4lan till hantverksveckan och gillet se separat mail som g\u00e5tt ut till alla medlemmar. Sista anm\u00e4lningsdag \u00e4r den 8 juni.\u00a0\u00a0<\/div>\n<h3>\u00a0Maj 2026<\/h3>\n<p><strong>23- 24 maj <br \/><\/strong>Runriket i Vallentuna<\/p>\n<p><strong>S\u00f6ndag 17 maj<br \/><\/strong>Hantverkstr\u00e4ff p\u00e5 Gunnes g\u00e5rd kl. 11.00-16.00<br \/><strong>Tema: <\/strong>inte best\u00e4mt \u00e4nnu.\u00a0<\/p>\n<p><strong>S\u00f6ndag 3 maj<br \/><\/strong>Hantverkstr\u00e4ff p\u00e5 Gunnes g\u00e5rd kl. 11.00-16.00<br \/><strong>Tema: <\/strong>inte best\u00e4mt \u00e4nnu.\u00a0<\/p>\n<h3>April 2026<\/h3>\n<p><strong>S\u00f6ndag 19 april<br \/><\/strong>Hantverkstr\u00e4ff p\u00e5 Gunnes g\u00e5rd kl. 11.00-16.00<br \/><strong>Tema: <\/strong>inte best\u00e4mt \u00e4nnu.\u00a0\u00a0<\/p>\n<p><strong>\u00c5rsm\u00f6te i ABF-lokalen.\u00a0<br \/><\/strong>F\u00f6r den som inte kan vara med p\u00e5 plats i\u00a0 finns m\u00f6jlighet att delta p\u00e5 l\u00e4nk. L\u00e4nken hittar du i mailet tillsammans med \u00e5rsm\u00f6teshandlingarna.<\/p>\n<p><strong>S\u00f6ndag 5 april<br \/><\/strong>Hantverkstr\u00e4ff p\u00e5 Gunnes g\u00e5rd kl. 11.00-16.00<br \/><strong>Tema:\u00a0<\/strong> \u00c5rets f\u00f6rsta tr\u00e4ff ute p\u00e5 g\u00e5rden! Fritt tema.\u00a0<\/p>\n<h3>Mars 2026<\/h3>\n<div>\n<p><strong>S\u00f6ndag 22 mars<br \/><\/strong>Hantverkstr\u00e4ff i ABF-lokalen, Anton Tamms v\u00e4g 3, Upplands V\u00e4sby kl. 11-16.<strong><br \/>Tema: <\/strong>Sp\u00e5nad, vi spinner ull och lin p\u00e5 sl\u00e4nda<\/p>\n<p><strong>S\u00f6ndag 8 mars<br \/><\/strong>Hantverkstr\u00e4ff i ABF-lokalen, Anton Tamms v\u00e4g 3, Upplands V\u00e4sby kl. 11-16.<strong><br \/>Tema: <\/strong>Fritt tema<\/p>\n<\/div>\n<h2>Tidigare tr\u00e4ffar<\/h2>\n<h3>Februari 2026<\/h3>\n<p><strong>S\u00f6ndag 22 februari<br \/><\/strong>Hantverkstr\u00e4ff i ABF-lokalen, Anton Tamms v\u00e4g 3, Upplands V\u00e4sby kl. 11-16.<strong><br \/>Tema: <\/strong>Textil. Vi ser \u00f6ver felagets utrustning och lagar t\u00e4lten.\u00a0<\/p>\n<p><strong>S\u00f6ndag 8 februari<br \/><\/strong>Hantverkstr\u00e4ff i ABF-lokalen, Anton Tamms v\u00e4g 3, Upplands V\u00e4sby kl. 11-16.<strong><br \/>Tema: <\/strong>Textil. Vi ser \u00f6ver felagets utrustning och lagar t\u00e4lten<\/p>\n<h3>Januari 2026<\/h3>\n<p><strong>S\u00f6ndag 25 januari<br \/><\/strong>Hantverkstr\u00e4ff i ABF-lokalen, Anton Tamms v\u00e4g 3, Upplands V\u00e4sby kl. 11-16.<strong><br \/>Tema:\u00a0<\/strong>Skos\u00f6mnad.\u00a0\u00a0<\/p>\n<h3>December 2025<\/h3>\n<p><strong>S\u00f6ndag 28 december<br \/><\/strong>Hantverkstr\u00e4ff i ABF-lokalen, Anton Tamms v\u00e4g 3, Upplands V\u00e4sby kl. 11-16.<strong><br \/>Tema:\u00a0 <\/strong>Helt fritt tema f\u00f6r den som vill ses<strong>!<\/strong><\/p>\n<p><strong>S\u00f6ndag 14 december<br \/><\/strong>Hantverkstr\u00e4ff i ABF-lokalen, Anton Tamms v\u00e4g 3, Upplands V\u00e4sby kl. 11-16.<br \/><strong>Tema:\u00a0<\/strong> Gl\u00f6gg och pepparkaksmys<\/p>\n<h3>November\u00a0 2025<\/h3>\n<p><strong>S\u00f6ndag 30 november<br \/><\/strong>Hantverkstr\u00e4ff i ABF-lokalen, Anton Tamms v\u00e4g 3, Upplands V\u00e4sby kl. 11-16.<br \/><strong>Tema:\u00a0 <\/strong>Textil och s\u00f6mnad. Tips och r\u00e5d med allt fr\u00e5n ink\u00f6p till tillsk\u00e4rning. Cheyenne Olander visar sin dr\u00e4kt som hon \u00e5terskapat baserad p\u00e5 en vikingagrav i H\u00e4ggvik.\u00a0<\/p>\n<\/div>\n<h3>November\u00a0 2025<\/h3>\n<div>\n<div>\n<p><strong>S\u00f6ndag 16 november<br \/><\/strong>Bes\u00f6k p\u00e5 VRAK med guidning av Jonathan<br \/>Vi ses p\u00e5 museet VRAK, Djurg\u00e5rdsstrand 17, kl 13.00.\u00a0<br \/>OBS, begr\u00e4nsat antal platser! Anm\u00e4lan senast den 31 oktober (se separat mail f\u00f6r info).<\/p>\n<p><strong>S\u00f6ndag 2 november<br \/><\/strong>Hantverkstr\u00e4ff i ABF-lokalen, Anton Tamms v\u00e4g 3, Upplands V\u00e4sby kl. 11-16.<br \/><strong>Tema:\u00a0<\/strong> Inte best\u00e4mt \u00e4nnu.\u00a0<\/p>\n<h3>Oktober\u00a0 2025<\/h3>\n<p><strong>L\u00f6rdag<\/strong><strong> 18 oktober<\/strong><br \/><strong>H\u00f6stgille!<\/strong><br \/>Sista g\u00e5ngen f\u00f6r i \u00e5r vi ses ute p\u00e5 g\u00e5rden! Vi lagar mat och \u00e4ter tillsammans.\u00a0<br \/>F\u00f6ranm\u00e4lan om man vill vara med och \u00e4ta, se mail fr\u00e5n ordf\u00f6rande.\u00a0<\/p>\n<p><strong>S\u00f6ndag 5 oktober<\/strong><br \/>Hantverkstr\u00e4ff p\u00e5 Gunnes g\u00e5rd kl. 11.00-16.00<br \/><strong>Tema:\u00a0<\/strong> V\u00e4xtf\u00e4rgning! F\u00f6reningen st\u00e5r f\u00f6r eld och vatten samt ett begr\u00e4nsat antal grytor, den som vill v\u00e4xtf\u00e4rga tar med sig f\u00e4rg\u00e4mne, k\u00e4rl att f\u00e4rga i\u00a0 samt det som ska f\u00e4rgas.\u00a0<\/p>\n<\/div>\n<h3>September\u00a0 2025<\/h3>\n<p><strong>S\u00f6ndag 21 september<\/strong><br \/>Hantverkstr\u00e4ff p\u00e5 Gunnes g\u00e5rd kl. 11.00-16.00<br \/><strong>Tema: <\/strong>\u00a0<\/p>\n<div>\n<p><strong>6 &#8211; 7 september<\/strong><br \/>H\u00f6stmarknad p\u00e5 Gunnes g\u00e5rd<br \/>Se separat info som mailats ut till alla medlemmar.\u00a0<\/p>\n<\/div>\n<h3>Augusti\u00a0 2025<\/h3>\n<p><strong>S\u00f6ndag 24 augusti<\/strong>\u00a0<br \/>Hantverkstr\u00e4ff p\u00e5 Gunnes g\u00e5rd kl. 11.00-16.00<br \/><strong>Tema:\u00a0<\/strong> Fritt tema<\/p>\n<p><strong>S\u00f6ndag 10 augusti<\/strong>\u00a0<br \/>Hantverkstr\u00e4ff p\u00e5 Gunnes g\u00e5rd kl. 11.00-16.00<br \/><strong>Tema:\u00a0<\/strong> Fritt tema<\/p>\n<h3>Juli 2025<\/h3>\n<p><strong>S\u00f6ndag 13 juli<\/strong> <br \/>Hantverkstr\u00e4ff p\u00e5 Gunnes g\u00e5rd kl. 11.00-16.00<br \/><strong>Tema:\u00a0<\/strong> Fritt tema<\/p>\n<p><strong>S\u00f6ndag 27\u00a0 juli<\/strong> <br \/>Hantverkstr\u00e4ff p\u00e5 Gunnes g\u00e5rd kl. 11.00-16.00<br \/><strong>Tema:\u00a0<\/strong> Fritt tema<\/p>\n<h3>Juni 2025<\/h3>\n<p><strong>S\u00f6ndag 1 juni<br \/><\/strong>Hantverkstr\u00e4ff p\u00e5 Gunnes g\u00e5rd kl. 11.00-16.00<br \/><strong>Tema:<\/strong> Fritt tema, men den som k\u00e4nner sig manad kan med f\u00f6rdel ta n\u00e5gra spadtag i landet!<\/p>\n<p><strong>23- 29 juni<br \/>Hantverksvecka p\u00e5 Gunnes g\u00e5rd<\/strong><\/p>\n<div>M\u00e5ndag 23 juni flyttar vi in p\u00e5 g\u00e5rden. Vill du komma under veckan eller bara \u00f6ver dagen s\u00e5 g\u00e5r det bra. I b\u00f6rjan av veckan s\u00e4tter vi en varp p\u00e5 v\u00e5r varptyngd v\u00e4vstol f\u00f6r att v\u00e4va under veckan.\u00a0\u00a0Vi kommer \u00e4ven att klyva stock och g\u00f6ra plank och \u00f6ppna upp smedjan.\u00a0<\/div>\n<div>\u00a0<\/div>\n<div>Workshop: korgfl\u00e4tning onsdag 25\/6 och fredag 27\/6 med Zoltan med 70 \u00e5rs erfarenhet. Du betalar sj\u00e4lv materialet: ca 200kr per person. <br \/>F\u00f6ranm\u00e4lan kr\u00e4vs, max 5 person per tillf\u00e4lle.\u00a0<\/div>\n<div>\u00a0<\/div>\n<div>L\u00f6rdag 28 juni har vi gille, d\u00e4r alla \u00e4r v\u00e4lkomna. Du anm\u00e4ler dig f\u00f6r att delta.\u00a0<\/div>\n<div>F\u00f6r mer information ang anm\u00e4lan, se separat mail som g\u00e5tt ut till alla medlemmar.<\/div>\n<h3>Maj 2025<\/h3>\n<p><strong>S\u00f6ndag 4 maj <br \/><\/strong>Hantverkstr\u00e4ff p\u00e5 Gunnes g\u00e5rd kl. 11.00-16.00<br \/><strong>Tema:\u00a0<\/strong> Keramik<\/p>\n<p><strong>S\u00f6ndag 11 maj <br \/><\/strong>Hantverkstr\u00e4ff p\u00e5 Gunnes g\u00e5rd kl. 11.00-16.00<br \/><strong>Tema:\u00a0<\/strong> Heldag med g\u00e5rdens personal, v\u00e5r present p\u00e5 20-\u00e5rs jubil\u00e9et.<br \/>OBS,\u00a0 anm\u00e4lan senast onsdag den 7 maj! Se inbjudan som skickats ut fr\u00e5n Gunnes G\u00e5rd till alla medlemmar.\u00a0<\/p>\n<p><strong>S\u00f6ndag 18 maj <br \/><\/strong>Runriket i T\u00e4by.<\/p>\n<h3>April 2025<\/h3>\n<p><strong>S\u00f6ndag 6 april <br \/><\/strong>Hantverkstr\u00e4ff p\u00e5 Gunnes g\u00e5rd kl. 11.00-16.00<strong><br \/>Tema: <\/strong>Bereda lin<strong><br \/><\/strong><\/p>\n<p><strong>S\u00f6ndag 20 april <br \/><\/strong>Hantverkstr\u00e4ff p\u00e5 Gunnes g\u00e5rd kl. 11.00-16.00<br \/><strong>Tema:\u00a0 <\/strong>P\u00e5skdagen. Inget tema, de som vill tr\u00e4ffas p\u00e5 g\u00e5rden.<\/p>\n<h3>Mars 2025<\/h3>\n<p><strong>S\u00f6ndag 9 mars <br \/><\/strong>Hantverkstr\u00e4ff i ABF-lokalen, Anton Tamms v\u00e4g 3, Upplands V\u00e4sby kl. 11-16<strong><br \/>Tema: <\/strong>Micke pratar teori om planktillverkning inf\u00f6r v\u00e5rens projekt p\u00e5 g\u00e5rden.\u00a0<\/p>\n<p><strong>S\u00f6ndag 23 mars <br \/><\/strong>Hantverkstr\u00e4ff i ABF-lokalen, Anton Tamms v\u00e4g 3, Upplands V\u00e4sby kl. 11-16<br \/><strong>Tema: <\/strong>Panik-s\u00f6mnad av det som m\u00e5ste bli klart till n\u00e4sta tr\u00e4ff ute p\u00e5 g\u00e5rden.<\/p>\n<p><strong>16.00 \u00c5rsm\u00f6te i ABF-lokalen. Fika och mingel fr\u00e5n kl 15.30. <br \/><\/strong>F\u00f6r den som inte kan vara med p\u00e5 plats i\u00a0 finns m\u00f6jlighet att delta p\u00e5 l\u00e4nk. L\u00e4nken hittar du i mailet tillsammans med \u00e5rsm\u00f6teshandlingarna<\/p>\n<h3>Februari 2025<\/h3>\n<p><strong>S\u00f6ndag 23 februari <br \/><\/strong>Hantverkstr\u00e4ff i ABF-lokalen, Anton Tamms v\u00e4g 3, Upplands V\u00e4sby kl. 11-16<strong><br \/>Tema: <\/strong>Johanna ber\u00e4ttar om textil: s\u00f6mmar, material, f\u00e4rger, v\u00e4vtekniker. Allt som \u00e4r v\u00e4rt att veta!<\/p>\n<p><strong>S\u00f6ndag 9 februari <br \/><\/strong>Hantverkstr\u00e4ff i ABF-lokalen, Anton Tamms v\u00e4g 3, Upplands V\u00e4sby kl. 11-16<strong><br \/>Tema:\u00a0<\/strong>L\u00e4der- och skinns\u00f6mnad, bl. a. g\u00f6r vi b\u00e4lgar till smedjan. Eller skor. Eller en v\u00e4ska. Eller n\u00e5got helt annat av n\u00e5got annat material. Skinn kommer att finnas att k\u00f6pa till sj\u00e4lvkostnadspris. Beh\u00f6ver du hj\u00e4lp eller har fr\u00e5gor, t. ex. hur man syr ett par skor, s\u00e5 kom!!<\/p>\n<h3>Januari 2025<\/h3>\n<p><strong>S\u00f6ndag 12 januari <br \/><\/strong>Hantverkstr\u00e4ff i ABF-lokalen, Anton Tamms v\u00e4g 3, Upplands V\u00e4sby kl. 11-16<br \/><strong>Tema:<\/strong> Tr\u00e4snideri \u2013 t\u00e4lja matsked, slev, h\u00e5rn\u00e5l, sm\u00f6rkniv etc<\/p>\n<p><strong>S\u00f6ndag 26 januari <br \/><\/strong>Hantverkstr\u00e4ff i ABF-lokalen, Anton Tamms v\u00e4g 3, Upplands V\u00e4sby kl. 11-16<strong><br \/>Tema: N<\/strong>\u00e5lbindning<\/p>\n<h3>December 2024<\/h3>\n<p><strong>S\u00f6ndag 29 december<\/strong> <br \/>Hantverkstr\u00e4ff i ABF-lokalen, Anton Tamms v\u00e4g 3, Upplands V\u00e4sby kl. 11-16<br \/><strong>Tema:<\/strong> \u00d6ppet tema om n\u00e5gon har lust att ses.<\/p>\n<p><strong>S\u00f6ndag 15 december <br \/><\/strong>Hantverkstr\u00e4ff i ABF-lokalen, Anton Tamms v\u00e4g 3, Upplands V\u00e4sby kl. 11-16<br \/><strong>Tema:<\/strong> M\u00e4rka tr\u00e4f\u00f6rem\u00e5l med runor och bom\u00e4rken. Ta med och m\u00e4rk dina grejer<strong>.<\/strong><\/p>\n<p><strong>S\u00f6ndag 1 december<\/strong> <br \/>Hantverkstr\u00e4ff i ABF-lokalen, Anton Tamms v\u00e4g 3, Upplands V\u00e4sby kl. 11-16<br \/><strong>Tema:<\/strong> Gl\u00f6gg och b\u00f6cker &#8211; men ta med hantverk ocks\u00e5, t. ex. n\u00e5lbindning.<\/p>\n<h3>November 2024<\/h3>\n<p><strong>S\u00f6ndag 3 november <br \/><\/strong>Hantverkstr\u00e4ff i ABF-lokalen, Anton Tamms v\u00e4g 3, Upplands V\u00e4sby kl. 11-16<br \/><strong>Tema<\/strong>: N\u00e5lbindning<\/p>\n<p><strong>S\u00f6ndag 17 november<\/strong> <br \/>Hantverkstr\u00e4ff i ABF-lokalen, Anton Tamms v\u00e4g 3, Upplands V\u00e4sby kl. 11-16<br \/><strong>Tema:<\/strong> Viking Strip Show! Planera m\u00f6nster t. ex. Torsbergsbyxor. Ta g\u00e4rna p\u00e5 dig\/med dig dina vikingakl\u00e4der!<\/p>\n<h3>Oktober 2024<\/h3>\n<p><strong>S\u00f6ndag 6 oktober<\/strong>Hantverkstr\u00e4ff p\u00e5 Gunnes g\u00e5rd kl. 11-16<br \/><strong>Tema:<\/strong> Valfritt hantverk<\/p>\n<p><b>L\u00f6rdag 19 oktober\u00a0 <\/b>H\u00f6stgille som avslutning p\u00e5 \u00e5rets tr\u00e4ffar p\u00e5 g\u00e5rden.<\/p>\n<h3>September 2024<\/h3>\n<p><strong>L\u00f6rdag &#8211; s\u00f6ndag 7 &#8211; 8 september <\/strong>H\u00f6stmarknad p\u00e5 Gunnes g\u00e5rd. Se separat information. F\u00f6reningens 20-\u00e5rs jubileum firas p\u00e5 l\u00f6rdagskv\u00e4llen med stort gille.<\/p>\n<p><b>Fredag &#8211; s\u00f6ndag 20 &#8211; 22 september<\/b> Hantverkshelg p\u00e5 Gunnes g\u00e5rd. Mer information kommer l\u00e4ngre fram, men \u00e5tminstone blir det till att \u00f6va p\u00e5 v\u00e4xtf\u00e4rgningsteorin fr\u00e5n den 11 augusti &#8211; det vill s\u00e4ga vi ska v\u00e4xtf\u00e4rga!<\/p>\n<h3>Augusti 2024<\/h3>\n<p><strong>S\u00f6ndag 11 augusti <\/strong>Hantverkstr\u00e4ff p\u00e5 Gunnes g\u00e5rd kl. 11.00-16.00.\u00a0<br \/><strong>Tema:<\/strong> V\u00e4xtf\u00e4rgning teori. Anna ber\u00e4ttar om v\u00e4xtf\u00e4rgningens magiska kemi. Dessutom f\u00f6rbereder vi f\u00f6r h\u00f6stmarknaden.<\/p>\n<p><b>S\u00f6ndag 25 augusti <\/b>Hantverkstr\u00e4ff p\u00e5 Gunnes g\u00e5rd kl. 11.00-16.00<b><br \/><strong>Tema:<\/strong><\/b> De sista f\u00f6rberedelserna f\u00f6r h\u00f6stmarknaden. Kom och hj\u00e4lp till att g\u00f6ra marknaden till en riktigt bra upplevelse f\u00f6r alla bes\u00f6kare, marknadsknallar och medlemmar!<\/p>\n<p><!--more--><\/p>\n<h3>Juli 2024<\/h3>\n<p><strong>S\u00f6ndag 14 juli <\/strong>Hantverkstr\u00e4ff p\u00e5 Gunnes g\u00e5rd kl. 11.00-16.00.\u00a0<br \/><strong>Tema:<\/strong> Fritt tema.<\/p>\n<p><b>S\u00f6ndag 28 juli <\/b>Hantverkstr\u00e4ff p\u00e5 Gunnes g\u00e5rd kl. 11.00-16.00.\u00a0<b><br \/><strong>Tema:<\/strong><\/b>Fritt tema.<\/p>\n<h3>Juni 2024<\/h3>\n<p><strong>S\u00f6ndag 2 juni <\/strong>Hantverkstr\u00e4ff p\u00e5 Gunnes g\u00e5rd kl. 11.00-16.00.\u00a0<br \/><strong>Tema:<\/strong> Piltillverkning. Vi hj\u00e4lps \u00e5t att tillverka pilar att anv\u00e4nda vid pilb\u00e5gsskyttet p\u00e5 h\u00f6stmarknaden.\u00a0 Lite pilligt arbete \u00e4ven f\u00f6r de som inte \u00e4r intresserade av pilb\u00e5gsskytte!<\/p>\n<p><b>Fredag 14 juni &#8211; s\u00f6ndag 16 juni <\/b>Vikingafestival i Gamla Uppsala. F\u00f6reningen \u00e4r inbjuden att delta p\u00e5 festivalen. Mer information i mail till medlemmar. F\u00f6r de som inte \u00e4r med p\u00e5 festivalen \u00e4r det hantverkstr\u00e4ff p\u00e5 Gunnes g\u00e5rd kl. 11.00-16.00 som vanligt.<b><br \/><strong>Tema:<\/strong><\/b> Fritt tema<\/p>\n<p><b>S\u00f6ndag 30 juni <\/b>Hantverkstr\u00e4ff p\u00e5 Gunnes g\u00e5rd kl. 11.00-16.00<b><br \/><strong>Tema:<\/strong><\/b> Fritt tema.<\/p>\n<h3>Maj 2024<\/h3>\n<p><strong>S\u00f6ndag 5 maj <\/strong>Hantverkstr\u00e4ff p\u00e5 Gunnes g\u00e5rd. Odlingsgruppen planerar f\u00f6r lins\u00e5dd och annat arbete i k\u00f6kstr\u00e4dg\u00e5rden. Dessutom f\u00e5r vi en guidad tur p\u00e5 g\u00e5rden av g\u00e5rdens personal, allts\u00e5 en specialvisning f\u00f6r Gunnes Felags medlemmar. Tid f\u00f6r den guidade turen \u00e5terkommer vi med i mail till medlemmar, men tiden f\u00f6r hantverkstr\u00e4ffen \u00e4r som vanligt kl. 11.00-16.00 och den guidade turen ligger inom den tiden.<br \/><strong>Tema:<\/strong> Lins\u00e5dd och guidad tur.<\/p>\n<p><b>S\u00f6ndag 19 maj <\/b>Hantverkstr\u00e4ff p\u00e5 Gunnes g\u00e5rd kl. 11.00-16.00<b><br \/><strong>Tema:<\/strong><\/b> Repslagning. Vi f\u00e5r bes\u00f6k som l\u00e4r oss att sl\u00e5 rep. Dessutom tittar vi till landet och rensar lite ogr\u00e4s och kanske s\u00e5r n\u00e5got mer. I h\u00e4ndelse av regn flyttas repslagningen till 2 juni.<\/p>\n<h3>April 2024<\/h3>\n<p><strong>S\u00f6ndag 7 april <\/strong>Hantverkstr\u00e4ff p\u00e5 Gunnes g\u00e5rd, den f\u00f6rsta ute p\u00e5 g\u00e5rden denna sommar (okej d\u00e5, kanske inte sommar \u00e4nnu, men n\u00e4stan!). Kl. 11.00-16.00.<br \/><strong>Tema:<\/strong> \u00d6versyn av Grophuset &#8211; vad beh\u00f6ver g\u00f6ras i \u00e5r? Hur har Grophuset klarat vintern?<\/p>\n<p><b>S\u00f6ndag 21 april <\/b>Hantverkstr\u00e4ff p\u00e5 Gunnes g\u00e5rd kl. 11.00-16.00<b><br \/><strong>Tema:<\/strong><\/b> Inte best\u00e4mt \u00e4nnu.<\/p>\n<p><b>S\u00f6ndag 21 april kl. 16.00 <\/b>\u00c5rsm\u00f6te i ABF-lokalen, Anton Tamms v\u00e4g 3, Upplands-V\u00e4sby. Se separat kallelse i mail.<\/p>\n<h3>Mars 2024<\/h3>\n<p><strong>S\u00f6ndag 10 mars <\/strong>Hantverkstr\u00e4ff i ABF-lokalen, Anton Tamms v\u00e4g 3, Upplands V\u00e4sby kl. 11.00-16.00<br \/><strong>Tema:<\/strong> Posament. Katarina Konkol, som hade posament-kurser p\u00e5 h\u00f6stmarknaden 2022, kommer till oss och h\u00e5ller tv\u00e5 nyb\u00f6rjarkurser och en forts\u00e4ttningskurs denna s\u00f6ndag. Max 8 deltagare per kurs, anm\u00e4lan sker till <i><u>ordforande@gunnesfelag.nu.<\/u><\/i><\/p>\n<p><b>S\u00f6ndag 24 mars <\/b>Hantverkstr\u00e4ff i ABF-lokalen, Anton Tamms v\u00e4g 3, Upplands V\u00e4sby kl. 11.00-16.00<b><br \/><strong>Tema: <\/strong><\/b>Sista chansen. Detta \u00e4r sista tr\u00e4ffen inomhus f\u00f6r vintern. Vilka projekt har du kvar som du vill ha klart till n\u00e4sta g\u00e5ng vi ses, vilket \u00e4r ute p\u00e5 g\u00e5rden? Ta med och g\u00f6r klart!<\/p>\n<h3>Februari 2024<\/h3>\n<p><strong>S\u00f6ndag 11 februari \u00c4ndrat! <\/strong>Vi ses p\u00e5 Historiska museet. De som vill har m\u00f6jlighet att lyssna p\u00e5 en f\u00f6rel\u00e4sning om dr\u00e4kterna i TV-serien Historien om Sverige. Biljetter f\u00f6rk\u00f6ps via Historiska museets hemsida. K\u00f6p g\u00e4rna i god tid f\u00f6r att s\u00e4kra en plats. Vill man ocks\u00e5 g\u00e5 in p\u00e5 museet och se \u00f6vriga utst\u00e4llningar kostar detta 150 kr, se museets hemsida. D\u00e4r finns ocks\u00e5 \u00f6ppettider m.m. Se mail utskickat till samtliga medlemmar f\u00f6r mer information.<\/p>\n<p>H\u00e5ll ocks\u00e5 utkik i Svammelchatten f\u00f6r ev. tider att samlas p\u00e5 museet f\u00f6r att fika eller \u00e4ta lunch tillsammans, eller f\u00f6r gemensam resa till museet.<\/p>\n<p>Eventuellt kommer styrelsen att fatta beslut om bidrag till entre- eller f\u00f6rel\u00e4sningsbiljett, s\u00e5 spara kvitton f\u00f6r biljetterna.<\/p>\n<p><strong>Tema:<\/strong> Bes\u00f6k p\u00e5 Historiska museet<\/p>\n<p><b>S\u00f6ndag 25 februari <\/b>Hantverkstr\u00e4ff i ABF-lokalen, Anton Tamms v\u00e4g 3, Upplands V\u00e4sby kl. 11.00-16.00<b><br \/><\/b><\/p>\n<p><strong>Tema<\/strong>: Slipa knivar och yxor, och ett f\u00f6redrag. Erik visar oss hur man slipar knivar och yxor. Tag g\u00e4rna med egna att \u00f6va p\u00e5 och slipsten och bryne. Vi f\u00e5r dessutom lyssna p\u00e5 Elin som ber\u00e4ttar om sitt arbete som arkeolog.<\/p>\n<h3>Januari 2024<\/h3>\n<p><strong>S\u00f6ndag 14 januari <\/strong>Hantverkstr\u00e4ff i ABF-lokalen, Anton Tamms v\u00e4g 3, Upplands V\u00e4sby kl. 11.00-16.00<br \/><strong>Tema:<\/strong> Vikingatida garderob &#8211; Vad beh\u00f6ver jag f\u00f6r kl\u00e4der? Var hittar jag m\u00f6nster? Material? Och hur g\u00f6r jag?<\/p>\n<p><b>S\u00f6ndag 28 januari <\/b>Hantverkstr\u00e4ff i ABF-lokalen, Anton Tamms v\u00e4g 3, Upplands V\u00e4sby kl. 11.00-16.00<b><br \/><strong>Tema: <\/strong><\/b>L\u00e4ders\u00f6mnad. Sy skor eller skinnv\u00e4ska. Material (skinn) finns att k\u00f6pa, verktyg finns att l\u00e5na.<b><br \/><\/b><\/p>\n<h3>December 2023<\/h3>\n<p><strong>S\u00f6ndag 3 december <\/strong>Hantverkstr\u00e4ff i ABF-lokalen, Anton Tamms v\u00e4g 3, Upplands V\u00e4sby kl. 11.00-16.00<br \/><strong>Tema:<\/strong> L\u00e4der och UFO:n (un-finished objects)<\/p>\n<p><b>S\u00f6ndag 17 december <\/b>F\u00f6reningens gille f\u00f6r medlemmar, mer information kommer i separat mail.<b><br \/><\/b><\/p>\n<p><strong>Tema<\/strong>: Litteraturstund<\/p>\n<p><strong>S\u00f6ndag 31 december Ny\u00e5rsafton <\/strong>Ingen hantverkstr\u00e4ff.<br \/><strong>Tema:<\/strong>\u00a0<\/p>\n<h2>November 2023<\/h2>\n<p><strong>S\u00f6ndag 5 november <\/strong>Hantverkstr\u00e4ff i ABF-lokalen, Anton Tamms v\u00e4g 3, Upplands V\u00e4sby kl. 11.00-16.00<\/p>\n<p><strong>Tema<\/strong>: N\u00e5lbindning<\/p>\n<p><strong>S\u00f6ndag 19 november <\/strong>Hantverkstr\u00e4ff i ABF-lokalen, Anton Tamms v\u00e4g 3, Upplands V\u00e4sby kl. 11.00-16.00<br \/><strong>Tema:<\/strong> Skapa din garderob.<\/p>\n<h2>Oktober 2023<\/h2>\n<p><strong>S\u00f6ndag 8 oktober: <\/strong>Hantverkstr\u00e4ff p\u00e5 Gunnes g\u00e5rd kl. 11.00-16.00<br \/><strong>Tema:<\/strong> Kniv- och yxslipning.<\/p>\n<p><b>L\u00f6rdag 21 oktober: <\/b>F\u00f6reningens gille f\u00f6r medlemmar, mer information kommer i separat mail.<\/p>\n<h2>September 2023<\/h2>\n<p><strong>L\u00f6rdag &#8211; s\u00f6ndag 2 &#8211; 3 augusti: <\/strong>H\u00f6stmarknaden<\/p>\n<p><strong>S\u00f6ndag 10 septemer: <\/strong>Hantverkstr\u00e4ff p\u00e5 Gunnes g\u00e5rd kl. 11.00-16.00<br \/><strong>Tema:<\/strong> Fritt tema. Avsluta dina p\u00e5g\u00e5ende projekt, p\u00e5b\u00f6rja ett nytt eller bara &#8221;h\u00e4ng&#8221; med v\u00e4nner.<\/p>\n<p><b>Fredag &#8211; s\u00f6ndag 22-24 september: <\/b>Hantverkshelg f\u00f6r medlemmar p\u00e5 Gunnes g\u00e5rd.<b><br \/><strong>Tema: <\/strong><\/b>Mer information kommer i separat mail.<\/p>\n<h2>Augusti 2023<\/h2>\n<p><strong>S\u00f6ndag 13 augusti: <\/strong>Hantverkstr\u00e4ff p\u00e5 Gunnes g\u00e5rd kl. 11.00-16.00<br \/><strong>Tema:<\/strong> Linsk\u00f6rd.<\/p>\n<p><b>S\u00f6ndag 27 august <\/b>Hantverkstr\u00e4ff p\u00e5 Gunnes g\u00e5rd kl. 11.00-16.00<b><br \/><strong>Tema: <\/strong><\/b>Linsp\u00e5nad och f\u00f6rberedelse inf\u00f6r h\u00f6stmarknaden.\u00a0<\/p>\n<h2>Juli 2023<\/h2>\n<p><strong>S\u00f6ndag 2 juli: <\/strong>Hantverkstr\u00e4ff p\u00e5 Gunnes g\u00e5rd kl. 11.00-16.00<br \/><strong>Tema:<\/strong> Inte best\u00e4mt \u00e4nnu.<\/p>\n<p><b>S\u00f6ndag 16 juli: <\/b>Hantverkstr\u00e4ff p\u00e5 Gunnes g\u00e5rd kl. 11.00-16.00<b><br \/><strong>Tema: <\/strong><\/b>Inte best\u00e4mt \u00e4nnu.<\/p>\n<p><b>S\u00f6ndag 30 juli: <\/b>Hantverkstr\u00e4ff p\u00e5 Gunnes g\u00e5rd kl. 11.00-16.00<b><br \/><strong>Tema: <\/strong><\/b>Inte best\u00e4mt \u00e4nnu.<\/p>\n<h2>Juni 2023<\/h2>\n<p><strong>S\u00f6ndag 4 juni: <\/strong>Hantverkstr\u00e4ff p\u00e5 Gunnes g\u00e5rd kl. 11.00-16.00<br \/><strong>Tema:<\/strong> Inte best\u00e4mt \u00e4nnu.<\/p>\n<p><b>S\u00f6ndag 18 juni: <\/b>Hantverkstr\u00e4ff p\u00e5 Gunnes g\u00e5rd kl. 11.00-16.00<b><br \/><strong>Tema: <\/strong><\/b>Linberedning.<\/p>\n<h3>November\u00a0 2025<\/h3>\n<p><strong>S\u00f6ndag 30 november<br \/><\/strong>Hantverkstr\u00e4ff i ABF-lokalen, Anton Tamms v\u00e4g 3, Upplands V\u00e4sby kl. 11-16.<br \/><strong>Tema:\u00a0 <\/strong>Inte best\u00e4mt \u00e4nnu.<strong><br \/><\/strong><\/p>\n<p><strong>S\u00f6ndag 16 november<br \/>Mer info kommer!\u00a0<\/strong><\/p>\n<p><strong>S\u00f6ndag 2 november<br \/><\/strong>Hantverkstr\u00e4ff i ABF-lokalen, Anton Tamms v\u00e4g 3, Upplands V\u00e4sby kl. 11-16.<br \/><strong>Tema:\u00a0<\/strong> Inte best\u00e4mt \u00e4nnu.\u00a0<\/p>\n<h3>Oktober\u00a0 2025<\/h3>\n<p><strong>S\u00f6ndag 18 oktober<\/strong><br \/><strong>H\u00f6stgille!<\/strong><br \/>Mer info kommer.<\/p>\n<p><strong>S\u00f6ndag 5 oktober<\/strong><br \/>Hantverkstr\u00e4ff p\u00e5 Gunnes g\u00e5rd kl. 11.00-16.00<br \/><strong>Tema:\u00a0<\/strong> Inte best\u00e4mt \u00e4nnu.\u00a0<\/p>\n<h3>September\u00a0 2025<\/h3>\n<p><strong>S\u00f6ndag 21 september<\/strong><br \/>Hantverkstr\u00e4ff p\u00e5 Gunnes g\u00e5rd kl. 11.00-16.00<br \/><strong>Tema:\u00a0<\/strong> Inte best\u00e4mt \u00e4nnu.\u00a0<\/p>\n<p><strong>6 &#8211; 7 september<\/strong><br \/>H\u00f6stmarknad p\u00e5 Gunnes g\u00e5rd<br \/>Se separat info som mailats ut till alla medlemmar.\u00a0<\/p>\n<\/div>\n<h3>Augusti\u00a0 2025<\/h3>\n<p><strong>S\u00f6ndag 24 augusti<\/strong>\u00a0<br \/>Hantverkstr\u00e4ff p\u00e5 Gunnes g\u00e5rd kl. 11.00-16.00<br \/><strong>Tema:\u00a0<\/strong> Fritt tema<\/p>\n<p><strong>S\u00f6ndag 10 augusti<\/strong>\u00a0<br \/>Hantverkstr\u00e4ff p\u00e5 Gunnes g\u00e5rd kl. 11.00-16.00<br \/><strong>Tema:\u00a0<\/strong> Fritt tema<\/p>\n<h2>Tidigare tr\u00e4ffar<\/h2>\n<h3>Juli 2025<\/h3>\n<p><strong>S\u00f6ndag 13 juli<\/strong> <br \/>Hantverkstr\u00e4ff p\u00e5 Gunnes g\u00e5rd kl. 11.00-16.00<br \/><strong>Tema:\u00a0<\/strong> Fritt tema<\/p>\n<p><strong>S\u00f6ndag 27\u00a0 juli<\/strong> <br \/>Hantverkstr\u00e4ff p\u00e5 Gunnes g\u00e5rd kl. 11.00-16.00<br \/><strong>Tema:\u00a0<\/strong> Fritt tema<\/p>\n<h3>Juni 2025<\/h3>\n<p><strong>S\u00f6ndag 1 juni<br \/><\/strong>Hantverkstr\u00e4ff p\u00e5 Gunnes g\u00e5rd kl. 11.00-16.00<br \/><strong>Tema:<\/strong> Fritt tema, men den som k\u00e4nner sig manad kan med f\u00f6rdel ta n\u00e5gra spadtag i landet!<\/p>\n<p><strong>23- 29 juni<br \/>Hantverksvecka p\u00e5 Gunnes g\u00e5rd<\/strong><\/p>\n<div>M\u00e5ndag 23 juni flyttar vi in p\u00e5 g\u00e5rden. Vill du komma under veckan eller bara \u00f6ver dagen s\u00e5 g\u00e5r det bra. I b\u00f6rjan av veckan s\u00e4tter vi en varp p\u00e5 v\u00e5r varptyngd v\u00e4vstol f\u00f6r att v\u00e4va under veckan.\u00a0\u00a0Vi kommer \u00e4ven att klyva stock och g\u00f6ra plank och \u00f6ppna upp smedjan.\u00a0<\/div>\n<div>\u00a0<\/div>\n<div>Workshop: korgfl\u00e4tning onsdag 25\/6 och fredag 27\/6 med Zoltan med 70 \u00e5rs erfarenhet. Du betalar sj\u00e4lv materialet: ca 200kr per person. <br \/>F\u00f6ranm\u00e4lan kr\u00e4vs, max 5 person per tillf\u00e4lle.\u00a0<\/div>\n<div>\u00a0<\/div>\n<div>L\u00f6rdag 28 juni har vi gille, d\u00e4r alla \u00e4r v\u00e4lkomna. Du anm\u00e4ler dig f\u00f6r att delta.\u00a0<\/div>\n<div>F\u00f6r mer information ang anm\u00e4lan, se separat mail som g\u00e5tt ut till alla medlemmar.<\/div>\n<h3>Maj 2025<\/h3>\n<p><strong>S\u00f6ndag 4 maj <br \/><\/strong>Hantverkstr\u00e4ff p\u00e5 Gunnes g\u00e5rd kl. 11.00-16.00<br \/><strong>Tema:\u00a0<\/strong> Keramik<\/p>\n<p><strong>S\u00f6ndag 11 maj <br \/><\/strong>Hantverkstr\u00e4ff p\u00e5 Gunnes g\u00e5rd kl. 11.00-16.00<br \/><strong>Tema:\u00a0<\/strong> Heldag med g\u00e5rdens personal, v\u00e5r present p\u00e5 20-\u00e5rs jubil\u00e9et.<br \/>OBS,\u00a0 anm\u00e4lan senast onsdag den 7 maj! Se inbjudan som skickats ut fr\u00e5n Gunnes G\u00e5rd till alla medlemmar.\u00a0<\/p>\n<p><strong>S\u00f6ndag 18 maj <br \/><\/strong>Runriket i T\u00e4by.<\/p>\n<h3>April 2025<\/h3>\n<p><strong>S\u00f6ndag 6 april <br \/><\/strong>Hantverkstr\u00e4ff p\u00e5 Gunnes g\u00e5rd kl. 11.00-16.00<b><\/b><strong><br \/>Tema: <\/strong>Bereda lin<strong><br \/><\/strong><\/p>\n<p><strong>S\u00f6ndag 20 april <br \/><\/strong>Hantverkstr\u00e4ff p\u00e5 Gunnes g\u00e5rd kl. 11.00-16.00<br \/><strong>Tema:\u00a0 <\/strong>P\u00e5skdagen. Inget tema, de som vill tr\u00e4ffas p\u00e5 g\u00e5rden.<\/p>\n<h3>Mars 2025<\/h3>\n<p><strong>S\u00f6ndag 9 mars <br \/><\/strong>Hantverkstr\u00e4ff i ABF-lokalen, Anton Tamms v\u00e4g 3, Upplands V\u00e4sby kl. 11-16<strong><br \/>Tema: <\/strong>Micke pratar teori om planktillverkning inf\u00f6r v\u00e5rens projekt p\u00e5 g\u00e5rden.\u00a0<\/p>\n<p><strong>S\u00f6ndag 23 mars <br \/><\/strong>Hantverkstr\u00e4ff i ABF-lokalen, Anton Tamms v\u00e4g 3, Upplands V\u00e4sby kl. 11-16<br \/><strong>Tema: <\/strong>Panik-s\u00f6mnad av det som m\u00e5ste bli klart till n\u00e4sta tr\u00e4ff ute p\u00e5 g\u00e5rden.<\/p>\n<p><strong>16.00 \u00c5rsm\u00f6te i ABF-lokalen. Fika och mingel fr\u00e5n kl 15.30. <br \/><\/strong>F\u00f6r den som inte kan vara med p\u00e5 plats i\u00a0 finns m\u00f6jlighet att delta p\u00e5 l\u00e4nk. L\u00e4nken hittar du i mailet tillsammans med \u00e5rsm\u00f6teshandlingarna<\/p>\n<h3>Februari 2025<\/h3>\n<p><strong>S\u00f6ndag 23 februari <br \/><\/strong>Hantverkstr\u00e4ff i ABF-lokalen, Anton Tamms v\u00e4g 3, Upplands V\u00e4sby kl. 11-16<strong><br \/>Tema: <\/strong>Johanna ber\u00e4ttar om textil: s\u00f6mmar, material, f\u00e4rger, v\u00e4vtekniker. Allt som \u00e4r v\u00e4rt att veta!<\/p>\n<p><strong>S\u00f6ndag 9 februari <br \/><\/strong>Hantverkstr\u00e4ff i ABF-lokalen, Anton Tamms v\u00e4g 3, Upplands V\u00e4sby kl. 11-16<strong><br \/>Tema:\u00a0<\/strong>L\u00e4der- och skinns\u00f6mnad, bl. a. g\u00f6r vi b\u00e4lgar till smedjan. Eller skor. Eller en v\u00e4ska. Eller n\u00e5got helt annat av n\u00e5got annat material. Skinn kommer att finnas att k\u00f6pa till sj\u00e4lvkostnadspris. Beh\u00f6ver du hj\u00e4lp eller har fr\u00e5gor, t. ex. hur man syr ett par skor, s\u00e5 kom!!<\/p>\n<h3>Januari 2025<\/h3>\n<p><strong>S\u00f6ndag 12 januari <br \/><\/strong>Hantverkstr\u00e4ff i ABF-lokalen, Anton Tamms v\u00e4g 3, Upplands V\u00e4sby kl. 11-16<br \/><strong>Tema:<\/strong> Tr\u00e4snideri \u2013 t\u00e4lja matsked, slev, h\u00e5rn\u00e5l, sm\u00f6rkniv etc<\/p>\n<p><strong>S\u00f6ndag 26 januari <br \/><\/strong>Hantverkstr\u00e4ff i ABF-lokalen, Anton Tamms v\u00e4g 3, Upplands V\u00e4sby kl. 11-16<strong><br \/>Tema: N<\/strong>\u00e5lbindning<\/p>\n<h3>December 2024<\/h3>\n<p><strong>S\u00f6ndag 29 december<\/strong> <br \/>Hantverkstr\u00e4ff i ABF-lokalen, Anton Tamms v\u00e4g 3, Upplands V\u00e4sby kl. 11-16<br \/><strong>Tema:<\/strong> \u00d6ppet tema om n\u00e5gon har lust att ses.<\/p>\n<p><strong>S\u00f6ndag 15 december <br \/><\/strong>Hantverkstr\u00e4ff i ABF-lokalen, Anton Tamms v\u00e4g 3, Upplands V\u00e4sby kl. 11-16<br \/><strong>Tema:<\/strong> M\u00e4rka tr\u00e4f\u00f6rem\u00e5l med runor och bom\u00e4rken. Ta med och m\u00e4rk dina grejer<strong>.<\/strong><\/p>\n<p><strong>S\u00f6ndag 1 december<\/strong> <br \/>Hantverkstr\u00e4ff i ABF-lokalen, Anton Tamms v\u00e4g 3, Upplands V\u00e4sby kl. 11-16<br \/><strong>Tema:<\/strong> Gl\u00f6gg och b\u00f6cker &#8211; men ta med hantverk ocks\u00e5, t. ex. n\u00e5lbindning.<\/p>\n<h3>November 2024<\/h3>\n<p><strong>S\u00f6ndag 3 november <br \/><\/strong>Hantverkstr\u00e4ff i ABF-lokalen, Anton Tamms v\u00e4g 3, Upplands V\u00e4sby kl. 11-16<br \/><strong>Tema<\/strong>: N\u00e5lbindning<\/p>\n<p><strong>S\u00f6ndag 17 november<\/strong> <br \/>Hantverkstr\u00e4ff i ABF-lokalen, Anton Tamms v\u00e4g 3, Upplands V\u00e4sby kl. 11-16<br \/><strong>Tema:<\/strong> Viking Strip Show! Planera m\u00f6nster t. ex. Torsbergsbyxor. Ta g\u00e4rna p\u00e5 dig\/med dig dina vikingakl\u00e4der!<\/p>\n<h3>Oktober 2024<\/h3>\n<p><strong>S\u00f6ndag 6 oktober<\/strong><strong>\u00a0<\/strong>Hantverkstr\u00e4ff p\u00e5 Gunnes g\u00e5rd kl. 11-16<br \/><strong>Tema:<\/strong> Valfritt hantverk<\/p>\n<p><b>L\u00f6rdag 19 oktober\u00a0 <\/b>H\u00f6stgille som avslutning p\u00e5 \u00e5rets tr\u00e4ffar p\u00e5 g\u00e5rden.<\/p>\n<h3>September 2024<\/h3>\n<p><strong>L\u00f6rdag &#8211; s\u00f6ndag 7 &#8211; 8 september <\/strong>H\u00f6stmarknad p\u00e5 Gunnes g\u00e5rd. Se separat information. F\u00f6reningens 20-\u00e5rs jubileum firas p\u00e5 l\u00f6rdagskv\u00e4llen med stort gille.<\/p>\n<p><b>Fredag &#8211; s\u00f6ndag 20 &#8211; 22 september<\/b> Hantverkshelg p\u00e5 Gunnes g\u00e5rd. Mer information kommer l\u00e4ngre fram, men \u00e5tminstone blir det till att \u00f6va p\u00e5 v\u00e4xtf\u00e4rgningsteorin fr\u00e5n den 11 augusti &#8211; det vill s\u00e4ga vi ska v\u00e4xtf\u00e4rga!<\/p>\n<h3>Augusti 2024<b><\/b><\/h3>\n<p><strong>S\u00f6ndag 11 augusti <\/strong>Hantverkstr\u00e4ff p\u00e5 Gunnes g\u00e5rd kl. 11.00-16.00.\u00a0<br \/><strong>Tema:<\/strong> V\u00e4xtf\u00e4rgning teori. Anna ber\u00e4ttar om v\u00e4xtf\u00e4rgningens magiska kemi. Dessutom f\u00f6rbereder vi f\u00f6r h\u00f6stmarknaden.<\/p>\n<p><b>S\u00f6ndag 25 augusti <\/b>Hantverkstr\u00e4ff p\u00e5 Gunnes g\u00e5rd kl. 11.00-16.00<b><br \/><strong>Tema:<\/strong><\/b> De sista f\u00f6rberedelserna f\u00f6r h\u00f6stmarknaden. Kom och hj\u00e4lp till att g\u00f6ra marknaden till en riktigt bra upplevelse f\u00f6r alla bes\u00f6kare, marknadsknallar och medlemmar!<\/p>\n<p><!--more--><\/p>\n<h3>Juli 2024<\/h3>\n<p><strong>S\u00f6ndag 14 juli <\/strong>Hantverkstr\u00e4ff p\u00e5 Gunnes g\u00e5rd kl. 11.00-16.00.\u00a0<br \/><strong>Tema:<\/strong> Fritt tema.<\/p>\n<p><b>S\u00f6ndag 28 juli <\/b>Hantverkstr\u00e4ff p\u00e5 Gunnes g\u00e5rd kl. 11.00-16.00.\u00a0<b><br \/><strong>Tema:<\/strong><\/b>Fritt tema.<\/p>\n<h3>Juni 2024<\/h3>\n<p><strong>S\u00f6ndag 2 juni <\/strong>Hantverkstr\u00e4ff p\u00e5 Gunnes g\u00e5rd kl. 11.00-16.00.\u00a0<br \/><strong>Tema:<\/strong> Piltillverkning. Vi hj\u00e4lps \u00e5t att tillverka pilar att anv\u00e4nda vid pilb\u00e5gsskyttet p\u00e5 h\u00f6stmarknaden.\u00a0 Lite pilligt arbete \u00e4ven f\u00f6r de som inte \u00e4r intresserade av pilb\u00e5gsskytte!<\/p>\n<p><b>Fredag 14 juni &#8211; s\u00f6ndag 16 juni <\/b>Vikingafestival i Gamla Uppsala. F\u00f6reningen \u00e4r inbjuden att delta p\u00e5 festivalen. Mer information i mail till medlemmar. F\u00f6r de som inte \u00e4r med p\u00e5 festivalen \u00e4r det hantverkstr\u00e4ff p\u00e5 Gunnes g\u00e5rd kl. 11.00-16.00 som vanligt.<b><br \/><strong>Tema:<\/strong><\/b> Fritt tema<\/p>\n<p><b>S\u00f6ndag 30 juni <\/b>Hantverkstr\u00e4ff p\u00e5 Gunnes g\u00e5rd kl. 11.00-16.00<b><br \/><strong>Tema:<\/strong><\/b> Fritt tema.<\/p>\n<h3>Maj 2024<\/h3>\n<p><strong>S\u00f6ndag 5 maj <\/strong>Hantverkstr\u00e4ff p\u00e5 Gunnes g\u00e5rd. Odlingsgruppen planerar f\u00f6r lins\u00e5dd och annat arbete i k\u00f6kstr\u00e4dg\u00e5rden. Dessutom f\u00e5r vi en guidad tur p\u00e5 g\u00e5rden av g\u00e5rdens personal, allts\u00e5 en specialvisning f\u00f6r Gunnes Felags medlemmar. Tid f\u00f6r den guidade turen \u00e5terkommer vi med i mail till medlemmar, men tiden f\u00f6r hantverkstr\u00e4ffen \u00e4r som vanligt kl. 11.00-16.00 och den guidade turen ligger inom den tiden.<br \/><strong>Tema:<\/strong> Lins\u00e5dd och guidad tur.<\/p>\n<p><b>S\u00f6ndag 19 maj <\/b>Hantverkstr\u00e4ff p\u00e5 Gunnes g\u00e5rd kl. 11.00-16.00<b><br \/><strong>Tema:<\/strong><\/b> Repslagning. Vi f\u00e5r bes\u00f6k som l\u00e4r oss att sl\u00e5 rep. Dessutom tittar vi till landet och rensar lite ogr\u00e4s och kanske s\u00e5r n\u00e5got mer. I h\u00e4ndelse av regn flyttas repslagningen till 2 juni.<\/p>\n<h3>April 2024<\/h3>\n<p><strong>S\u00f6ndag 7 april <\/strong>Hantverkstr\u00e4ff p\u00e5 Gunnes g\u00e5rd, den f\u00f6rsta ute p\u00e5 g\u00e5rden denna sommar (okej d\u00e5, kanske inte sommar \u00e4nnu, men n\u00e4stan!). Kl. 11.00-16.00.<br \/><strong>Tema:<\/strong> \u00d6versyn av Grophuset &#8211; vad beh\u00f6ver g\u00f6ras i \u00e5r? Hur har Grophuset klarat vintern?<\/p>\n<p><b>S\u00f6ndag 21 april <\/b>Hantverkstr\u00e4ff p\u00e5 Gunnes g\u00e5rd kl. 11.00-16.00<b><br \/><strong>Tema:<\/strong><\/b> Inte best\u00e4mt \u00e4nnu.<\/p>\n<p><b>S\u00f6ndag 21 april kl. 16.00 <\/b>\u00c5rsm\u00f6te i ABF-lokalen, Anton Tamms v\u00e4g 3, Upplands-V\u00e4sby. Se separat kallelse i mail.<\/p>\n<h3>Mars 2024<\/h3>\n<p><strong>S\u00f6ndag 10 mars <\/strong>Hantverkstr\u00e4ff i ABF-lokalen, Anton Tamms v\u00e4g 3, Upplands V\u00e4sby kl. 11.00-16.00<br \/><strong>Tema:<\/strong> Posament. Katarina Konkol, som hade posament-kurser p\u00e5 h\u00f6stmarknaden 2022, kommer till oss och h\u00e5ller tv\u00e5 nyb\u00f6rjarkurser och en forts\u00e4ttningskurs denna s\u00f6ndag. Max 8 deltagare per kurs, anm\u00e4lan sker till <i><u>ordforande@gunnesfelag.nu.<\/u><\/i><\/p>\n<p><b>S\u00f6ndag 24 mars <\/b>Hantverkstr\u00e4ff i ABF-lokalen, Anton Tamms v\u00e4g 3, Upplands V\u00e4sby kl. 11.00-16.00<b><br \/><strong>Tema: <\/strong><\/b>Sista chansen. Detta \u00e4r sista tr\u00e4ffen inomhus f\u00f6r vintern. Vilka projekt har du kvar som du vill ha klart till n\u00e4sta g\u00e5ng vi ses, vilket \u00e4r ute p\u00e5 g\u00e5rden? Ta med och g\u00f6r klart!<\/p>\n<h3>Februari 2024<\/h3>\n<p><strong>S\u00f6ndag 11 februari \u00c4ndrat! <\/strong>Vi ses p\u00e5 Historiska museet. De som vill har m\u00f6jlighet att lyssna p\u00e5 en f\u00f6rel\u00e4sning om dr\u00e4kterna i TV-serien Historien om Sverige. Biljetter f\u00f6rk\u00f6ps via Historiska museets hemsida. K\u00f6p g\u00e4rna i god tid f\u00f6r att s\u00e4kra en plats. Vill man ocks\u00e5 g\u00e5 in p\u00e5 museet och se \u00f6vriga utst\u00e4llningar kostar detta 150 kr, se museets hemsida. D\u00e4r finns ocks\u00e5 \u00f6ppettider m.m. Se mail utskickat till samtliga medlemmar f\u00f6r mer information.<\/p>\n<p>H\u00e5ll ocks\u00e5 utkik i Svammelchatten f\u00f6r ev. tider att samlas p\u00e5 museet f\u00f6r att fika eller \u00e4ta lunch tillsammans, eller f\u00f6r gemensam resa till museet.<\/p>\n<p>Eventuellt kommer styrelsen att fatta beslut om bidrag till entre- eller f\u00f6rel\u00e4sningsbiljett, s\u00e5 spara kvitton f\u00f6r biljetterna.<\/p>\n<p><strong>Tema:<\/strong> Bes\u00f6k p\u00e5 Historiska museet<\/p>\n<p><b>S\u00f6ndag 25 februari <\/b>Hantverkstr\u00e4ff i ABF-lokalen, Anton Tamms v\u00e4g 3, Upplands V\u00e4sby kl. 11.00-16.00<b><br \/><\/b><\/p>\n<p><strong>Tema<\/strong>: Slipa knivar och yxor, och ett f\u00f6redrag. Erik visar oss hur man slipar knivar och yxor. Tag g\u00e4rna med egna att \u00f6va p\u00e5 och slipsten och bryne. Vi f\u00e5r dessutom lyssna p\u00e5 Elin som ber\u00e4ttar om sitt arbete som arkeolog.<\/p>\n<h3>Januari 2024<\/h3>\n<p><strong>S\u00f6ndag 14 januari <\/strong>Hantverkstr\u00e4ff i ABF-lokalen, Anton Tamms v\u00e4g 3, Upplands V\u00e4sby kl. 11.00-16.00<br \/><strong>Tema:<\/strong> Vikingatida garderob &#8211; Vad beh\u00f6ver jag f\u00f6r kl\u00e4der? Var hittar jag m\u00f6nster? Material? Och hur g\u00f6r jag?<\/p>\n<p><b>S\u00f6ndag 28 januari <\/b>Hantverkstr\u00e4ff i ABF-lokalen, Anton Tamms v\u00e4g 3, Upplands V\u00e4sby kl. 11.00-16.00<b><br \/><strong>Tema: <\/strong><\/b>L\u00e4ders\u00f6mnad. Sy skor eller skinnv\u00e4ska. Material (skinn) finns att k\u00f6pa, verktyg finns att l\u00e5na.<b><br \/><\/b><\/p>\n<h3>December 2023<\/h3>\n<p><strong>S\u00f6ndag 3 december <\/strong>Hantverkstr\u00e4ff i ABF-lokalen, Anton Tamms v\u00e4g 3, Upplands V\u00e4sby kl. 11.00-16.00<br \/><strong>Tema:<\/strong> L\u00e4der och UFO:n (un-finished objects)<\/p>\n<p><b>S\u00f6ndag 17 december <\/b>F\u00f6reningens gille f\u00f6r medlemmar, mer information kommer i separat mail.<b><br \/><\/b><\/p>\n<p><strong>Tema<\/strong>: Litteraturstund<\/p>\n<p><strong>S\u00f6ndag 31 december Ny\u00e5rsafton <\/strong>Ingen hantverkstr\u00e4ff.<br \/><strong>Tema:<\/strong>\u00a0<\/p>\n<h2>November 2023<\/h2>\n<p><strong>S\u00f6ndag 5 november <\/strong>Hantverkstr\u00e4ff i ABF-lokalen, Anton Tamms v\u00e4g 3, Upplands V\u00e4sby kl. 11.00-16.00<\/p>\n<p><strong>Tema<\/strong>: N\u00e5lbindning<\/p>\n<p><strong>S\u00f6ndag 19 november <\/strong>Hantverkstr\u00e4ff i ABF-lokalen, Anton Tamms v\u00e4g 3, Upplands V\u00e4sby kl. 11.00-16.00<br \/><strong>Tema:<\/strong> Skapa din garderob.<\/p>\n<h2>Oktober 2023<\/h2>\n<p><strong>S\u00f6ndag 8 oktober: <\/strong>Hantverkstr\u00e4ff p\u00e5 Gunnes g\u00e5rd kl. 11.00-16.00<br \/><strong>Tema:<\/strong> Kniv- och yxslipning.<\/p>\n<p><b>L\u00f6rdag 21 oktober: <\/b>F\u00f6reningens gille f\u00f6r medlemmar, mer information kommer i separat mail.<\/p>\n<h2>September 2023<\/h2>\n<p><strong>L\u00f6rdag &#8211; s\u00f6ndag 2 &#8211; 3 augusti: <\/strong>H\u00f6stmarknaden<\/p>\n<p><strong>S\u00f6ndag 10 septemer: <\/strong>Hantverkstr\u00e4ff p\u00e5 Gunnes g\u00e5rd kl. 11.00-16.00<br \/><strong>Tema:<\/strong> Fritt tema. Avsluta dina p\u00e5g\u00e5ende projekt, p\u00e5b\u00f6rja ett nytt eller bara &#8221;h\u00e4ng&#8221; med v\u00e4nner.<\/p>\n<p><b>Fredag &#8211; s\u00f6ndag 22-24 september: <\/b>Hantverkshelg f\u00f6r medlemmar p\u00e5 Gunnes g\u00e5rd.<b><br \/><strong>Tema: <\/strong><\/b>Mer information kommer i separat mail.<\/p>\n<h2>Augusti 2023<\/h2>\n<p><strong>S\u00f6ndag 13 augusti: <\/strong>Hantverkstr\u00e4ff p\u00e5 Gunnes g\u00e5rd kl. 11.00-16.00<br \/><strong>Tema:<\/strong> Linsk\u00f6rd.<\/p>\n<p><b>S\u00f6ndag 27 august <\/b>Hantverkstr\u00e4ff p\u00e5 Gunnes g\u00e5rd kl. 11.00-16.00<b><br \/><strong>Tema: <\/strong><\/b>Linsp\u00e5nad och f\u00f6rberedelse inf\u00f6r h\u00f6stmarknaden.\u00a0<\/p>\n<h2>Juli 2023<\/h2>\n<p><strong>S\u00f6ndag 2 juli: <\/strong>Hantverkstr\u00e4ff p\u00e5 Gunnes g\u00e5rd kl. 11.00-16.00<br \/><strong>Tema:<\/strong> Inte best\u00e4mt \u00e4nnu.<\/p>\n<p><b>S\u00f6ndag 16 juli: <\/b>Hantverkstr\u00e4ff p\u00e5 Gunnes g\u00e5rd kl. 11.00-16.00<b><br \/><strong>Tema: <\/strong><\/b>Inte best\u00e4mt \u00e4nnu.<\/p>\n<p><b>S\u00f6ndag 30 juli: <\/b>Hantverkstr\u00e4ff p\u00e5 Gunnes g\u00e5rd kl. 11.00-16.00<b><br \/><strong>Tema: <\/strong><\/b>Inte best\u00e4mt \u00e4nnu.<\/p>\n<h2>Juni 2023<\/h2>\n<p><strong>S\u00f6ndag 4 juni: <\/strong>Hantverkstr\u00e4ff p\u00e5 Gunnes g\u00e5rd kl. 11.00-16.00<br \/><strong>Tema:<\/strong> Inte best\u00e4mt \u00e4nnu.<\/p>\n<p><b>S\u00f6ndag 18 juni: <\/b>Hantverkstr\u00e4ff p\u00e5 Gunnes g\u00e5rd kl. 11.00-16.00<b><br \/><strong>Tema: <\/strong><\/b>Linberedning.<\/p>","protected":false},"excerpt":{"rendered":"<p>Det \u00e4r alltid fritt att h\u00e5lla p\u00e5 med eget hantverk samtliga tr\u00e4ffar, \u00e4ven om vi har ett tema. Har du fr\u00e5gor om ditt hantverk eller n\u00e5got annat s\u00e5 passa p\u00e5 att st\u00e4lla dem n\u00e4r vi tr\u00e4ffas! Tillsammans har vi mycket kunskap och alla \u00e4r glada att f\u00e5 dela med sig av den. Dina fr\u00e5gor och [&hellip;]<\/p>\n","protected":false},"author":1,"featured_media":0,"parent":0,"menu_order":40,"comment_status":"closed","ping_status":"closed","template":"","meta":{"footnotes":""},"class_list":["post-42","page","type-page","status-publish","hentry","post-preview"],"_links":{"self":[{"href":"http:\/\/gunnesfelag.nu\/index.php?rest_route=\/wp\/v2\/pages\/42","targetHints":{"allow":["GET"]}}],"collection":[{"href":"http:\/\/gunnesfelag.nu\/index.php?rest_route=\/wp\/v2\/pages"}],"about":[{"href":"http:\/\/gunnesfelag.nu\/index.php?rest_route=\/wp\/v2\/types\/page"}],"author":[{"embeddable":true,"href":"http:\/\/gunnesfelag.nu\/index.php?rest_route=\/wp\/v2\/users\/1"}],"replies":[{"embeddable":true,"href":"http:\/\/gunnesfelag.nu\/index.php?rest_route=%2Fwp%2Fv2%2Fcomments&post=42"}],"version-history":[{"count":230,"href":"http:\/\/gunnesfelag.nu\/index.php?rest_route=\/wp\/v2\/pages\/42\/revisions"}],"predecessor-version":[{"id":1350,"href":"http:\/\/gunnesfelag.nu\/index.php?rest_route=\/wp\/v2\/pages\/42\/revisions\/1350"}],"wp:attachment":[{"href":"http:\/\/gunnesfelag.nu\/index.php?rest_route=%2Fwp%2Fv2%2Fmedia&parent=42"}],"curies":[{"name":"wp","href":"https:\/\/api.w.org\/{rel}","templated":true}]}}